{"id":45,"date":"2021-12-16T10:14:20","date_gmt":"2021-12-16T10:14:20","guid":{"rendered":"https:\/\/institutulbucovina.ro\/web\/?page_id=45"},"modified":"2024-03-20T13:48:43","modified_gmt":"2024-03-20T13:48:43","slug":"biblioteca","status":"publish","type":"page","link":"https:\/\/institutulbucovina.ro\/web\/biblioteca\/","title":{"rendered":"Biblioteca"},"content":{"rendered":"\t\t<div data-elementor-type=\"wp-page\" data-elementor-id=\"45\" class=\"elementor elementor-45\" data-elementor-settings=\"[]\">\n\t\t\t\t\t\t\t<div class=\"elementor-section-wrap\">\n\t\t\t\t\t\t\t<section class=\"elementor-section elementor-top-section elementor-element elementor-element-5166c26 elementor-section-boxed elementor-section-height-default elementor-section-height-default\" data-id=\"5166c26\" data-element_type=\"section\">\n\t\t\t\t\t\t<div class=\"elementor-container elementor-column-gap-default\">\n\t\t\t\t\t<div class=\"elementor-column elementor-col-100 elementor-top-column elementor-element elementor-element-5cf1a40b\" data-id=\"5cf1a40b\" data-element_type=\"column\">\n\t\t\t<div class=\"elementor-widget-wrap elementor-element-populated\">\n\t\t\t\t\t\t\t\t<div class=\"elementor-element elementor-element-2946b9a2 elementor-widget elementor-widget-text-editor\" data-id=\"2946b9a2\" data-element_type=\"widget\" data-widget_type=\"text-editor.default\">\n\t\t\t\t<div class=\"elementor-widget-container\">\n\t\t\t\t\t\t\t<p><img loading=\"lazy\" decoding=\"async\" id=\"stegulet\" src=\"https:\/\/www.institutulbucovina.ro\/imagini\/stegulet.png\" alt=\"\" width=\"26\" height=\"50\" \/><img loading=\"lazy\" decoding=\"async\" src=\"https:\/\/www.institutulbucovina.ro\/imagini\/icon_carte.png\" alt=\"\" width=\"40\" height=\"40\" \/><\/p><p style=\"text-align: center;\"><strong>BIBLIOTECA\u00a0 INSTITUTULUI\u00a0 \u201eBUCOVINA\u201d <\/strong><strong>\u00a0<\/strong><\/p><p style=\"text-align: center;\">RALUCA-IRINA\u00a0 MUSC\u0102<\/p><p>\u00a0 \u00a0 \u00a0 \u00a0 \u00a0 \u00a0De la \u00eenfiin\u0163area Centrului de Studii ,,Bucovina\u201d (septembrie 1992), devenit ulterior Institutul ,,Bucovina\u201d al Academiei Rom\u00e2ne (2007), au existat preocup\u0103ri de formare a unei biblioteci proprii de cercetare \u015ftiin\u0163ific\u0103. \u00cen primii ani de activitate, institu\u0163ia are, pentru studiul curent al cercet\u0103torilor, circa 50 de c\u0103r\u0163i \u00eemprumutate de la biblioteca Liceului Teoretic ,,Eudoxiu Hurmuzachi\u201d, la care se adaug\u0103 \u015fi alte lucr\u0103ri, c\u0103r\u0163i \u015fi periodice, provenite din dona\u0163ii.<br \/>\u00a0 \u00a0 \u00a0 \u00a0 \u00a0 \u00a0 Biblioteca institu\u0163iei ia fiin\u0163\u0103, <em>de facto<\/em>, la 25 octombrie 1996, dup\u0103 ce, la\u00a012 mai 1995, Ministerul \u00cenv\u0103\u0163\u0103m\u00e2ntului aprob\u0103 trecerea Fondului documentar german din cadrul Liceului Teoretic \u201eEudoxiu Hurmuzachi\u201d la Centrul pentru Studierea Problemelor Bucovinei al Academiei Rom\u00e2ne \u2013 Filiala Ia\u015fi (cf. Adresei nr. 9804, din 18 mai 1995, a Ministerului \u00cenv\u0103\u0163\u0103m\u00e2ntului c\u0103tre Academia Rom\u00e2n\u0103 \u2013 Filiala Ia\u015fi, semnat\u0103 de Romulus Gh. Pop, secretar de stat. Adresa a fost \u00eenregistrat\u0103 cu nr. 1859, din 1 iunie 1995, la Filiala Ia\u015fi, \u015fi cu nr. 51, din 8 iunie 1995, la Centrul pentru Studierea Problemelor Bucovinei). Acest fond constituie vechea bibliotec\u0103 a colegiului, inaugurat\u0103 \u00een anul 1876, prin dona\u0163ia lui Ernst Rudolf Neubauer. Acesta pune bazele bibliotecii profesorilor (Lehrerbibliothek) din cadrul Gimnaziului Superior de Stat din R\u0103d\u0103u\u0163i, actualul Colegiu Na\u0163ional \u201eEudoxiu Hurmuzachi\u201d, prin donarea a 250 de c\u0103r\u0163i \u015fi periodice. Odat\u0103 cu deschiderea claselor rom\u00e2ne\u015fti paralele, \u00een cadrul gimnaziului, Leonida Bodn\u0103rescu (1872\u20131945), prin dona\u0163ia sa important\u0103, a pus bazele bibliotecii Sec\u0163iei rom\u00e2no-germane, \u00een anul 1910.<br \/>\u00a0 \u00a0 \u00a0 \u00a0 \u00a0Dup\u0103 modelul bibliotecii germane, pe l\u00e2ng\u0103 biblioteca profesorilor, care \u00een anul 1914 era format\u0103 dintr-un fond de 728 de unit\u0103\u0163i de bibliotec\u0103, func\u0163iona \u015fi biblioteca elevilor, cu un fond de 505 unit\u0103\u0163i de bibliotec\u0103 \u015fi, \u00een plus, o bibliotec\u0103 a elevilor s\u0103raci. Potrivit <em>Procesului-verbal de predare-primire<\/em>, nr. 83\/25 octombrie 1996, Fondul documentar german al Liceului Teoretic \u201eEudoxiu Hurmuzachi\u201d transferat la Centrul de Studii \u201eBucovina\u201d cuprinde 8 146 de unit\u0103\u0163i de bibliotec\u0103, cele mai multe fiind c\u0103r\u0163i, dar \u015fi periodice, toate men\u0163ionate \u00een bloc, f\u0103r\u0103 a fi \u00eenregistrate separat. \u00cen acest Fond se reg\u0103sesc:<br \/>\u00a0 \u00a0 \u00a0 \u00a0 \u00a0 \u00a0 \u00a0 \u00a0\u2013 <em>periodice germane<\/em>: ,,Revista austriac\u0103 de folclor\u201d (Viena, Praga); ,,Revista austriac\u0103 de botanic\u0103\u201d (Viena); ,,Revista Societ\u0103\u0163ii Austriece de Meteorologie\u201d (Viena); ,,Foi pedagogice bucovinene\u201d (Cern\u0103u\u0163i); ,,Bukowina. Ziar na\u0163ional \u015fi oficial\u201d (Cern\u0103u\u0163i); ,,Anuarul Muzeului Bucovinei\u201d (Cern\u0103u\u0163i); ,,Ziarul de Cern\u0103u\u0163i\u201d; ,,Raport anual privind progresele cercet\u0103rii \u00een domeniul istoriei antice\u201d (Berlin); ,,Anuarul Goethe\u201d (Frankfurt); ,,Foi stenografice din Tirol\u201d (Innsbruck); ,,Anuarul Institutului Austriac de Arheologie din Viena\u201d; ,,Revista s\u0103pt\u0103m\u00e2nal\u0103 de filologie clasic\u0103\u201d (Berlin). Facem precizarea c\u0103 niciun periodic nu se g\u0103se\u015fte \u00een edi\u0163ie complet\u0103, cu excep\u0163ia a dou\u0103 ziare ap\u0103rute la Cern\u0103u\u0163i: ,,Gazeta Bucovinei\u201d (1848\u20131850) \u015fi ,,Bukowina\u201d (1862\u20131868). Cele mai multe exemplare sunt cele din seria ,,Revistei de etnografie austriac\u0103\u201d, iar \u00een cazul celorlalte se p\u0103streaz\u0103 doar exemplare sporadice. Aproape toate sunt publicate la Viena, p\u00e2n\u0103 la 1918, iar cele privind strict Bucovina, la Cern\u0103u\u0163i;<br \/>\u00a0 \u00a0 \u00a0 \u00a0 \u00a0 \u00a0\u2013 <em>periodice rom\u00e2ne\u015fti<\/em>: \u201eAlmanahul Societ\u0103\u0163ii academice social-literare \u00abRom\u00e2nia Jun\u0103\u00bb\u201d (Viena); \u201eAlmanach jubilar \u00abAcademia Ortodox\u0103\u00bb\u201d (Cern\u0103u\u0163i); \u201eAlmanach literar pe anul 1905\u201d (Cern\u0103u\u0163i); \u201eCandela\u201d (Cern\u0103u\u0163i); \u201eR\u00e2ndunica\u201d (Ia\u015fi); \u201eConvorbiri literare\u201d (Ia\u015fi, Bucure\u015fti); \u201eRevista ilustrat\u0103\u201d (Reteag); \u201eVia\u0163a rom\u00e2neasc\u0103\u201d (Ia\u015fi); \u201eSem\u0103n\u0103torul\u201d; \u201eLuceaf\u0103rul\u201d (Sibiu); \u201eRamuri. Drum drept\u201d (Craiova, Bucure\u015fti); \u201ePatria\u201d (Cern\u0103u\u0163i); \u201eVia\u0163a nou\u0103\u201d (Cern\u0103u\u0163i); \u201eFoaia poporului\u201d (Cern\u0103u\u0163i); \u201eGazeta poporului\u201d (Cern\u0103u\u0163i); \u201eVremea nou\u0103\u201d (Cern\u0103u\u0163i); \u201eJunimea literar\u0103\u201d (Cern\u0103u\u0163i); \u201eBuciumul\u201d (C\u00e2mpulung Moldovenesc); \u201e\u00censemn\u0103ri literare\u201d (Ia\u015fi); \u201eDatina\u201d (Turnu Severin); \u201eTransilvania\u201d (Sibiu); \u201e\u0162ara de Jos\u201d (Bucure\u015fti); \u201eFlac\u0103ra\u201d (Bucure\u015fti); \u201eFloarea soarelui\u201d (Bucure\u015fti); \u201eUniversul literar\u201d (Bucure\u015fti); \u201eDacoromania\u201d (Cluj); \u201eBuletinul Societ\u0103\u0163ii Regale Rom\u00e2ne de Geografie\u201d (Bucure\u015fti); \u201eRevista filologic\u0103\u201d (Cern\u0103u\u0163i); \u201eSalonul literar\u201d (Arad); \u201e\u00censemn\u0103ri ie\u015fene\u201d; \u201eFloare de g\u00e2nd\u201d (Suceava);<br \/>\u00a0 \u00a0 \u00a0 \u00a0 \u00a0 \u00a0 \u00a0 \u2013 <em>carte veche \u015fi rar\u0103<\/em>: Johan Minelli, Christian Juncker, <i>Publii Virgilii Maronis<\/i> <em>Eclogae, Georgica et Aeneidos libri XII<\/em>, editio quinta, (<em>Comentarii ale lui Johan Minelli \u015fi M. Christian Juncker despre operele poetului latin Publius Vergilius Maro: Eneida \u015fi <\/em>Georgicele), Leipzig, 1731; <em>Dictionnaire d&#8217;anecdotes, de traits singuliers et caracteristiques, historiettes, bons mots, na\u00efvetes, sailles, reparties ingenieuses<\/em> (<em>Dic\u0163ionar de anecdote, tr\u0103s\u0103turi singulare \u015fi caracteristici, povestiri, glume, naivit\u0103\u0163i, proiec\u0163ii r\u0103sp\u00e2ndite ingenios<\/em>), Paris, 1756; <em>Le <\/em><em>Dictionaire Imperial, dans lequel les quatre langues principales de l\u2019Europe<\/em> (<em>Dic\u0163ionarul imperial al celor patru limbi principale din Europa \u2013 italiana, franceza, germane \u015fi latina<\/em>), publi\u00e9 par Jean Veneroni et Charles Placardi, Cologne et Francfort, 1766; <em>Catavasier, la na\u015fterea Domnului nostru Iisus Hristos <\/em>(\u00een limba slavon\u0103), Episcopia R\u00e2mnicului, 1769; <em>Kleine lyrische Gedichte von C. F. Weisse, <\/em>Wien, 1793 (<em>Mici poezii lirice de Christian Felix Weisse<\/em>);<br \/>\u00a0 \u00a0 \u00a0 \u00a0 \u00a0 \u00a0 \u00a0 \u2013 <em>enciclopedii<\/em>: <em>Mayer&#8217;s Konversations-Lexikon<\/em>, 1\u201321, Leipzig und Wien, 1893\u20131901; <em>Brockhaus Konversations-Lexikon<\/em>, 1\u201317, Leipzig, Berlin und Wien, 1893\u20131904; <em>Ausf\u00fchrliches Lexikon der griechischen und r\u00f6mischen Mythologie<\/em>, Leipzig, 1884\u20131890; <em>Deutsch-Lateinisches Lexikon<\/em>, I\u2013II, Stuttgart, 1843\u20131844; <em>Ritter\u2019s geographisch-statistisches Lexikon<\/em>, Leipzig, 1847; <em>Werker und Welte&#8217;s Kirchenlexikon<\/em>, Freiburg, 1903; <em>Herders Konversations-Lexikon<\/em>, Freiburg, 1907; <em>Lexikon der P\u00e4dagogik<\/em>, Freiburg, 1913; <em>Lexikon der lateinischen Wortformen<\/em>,\u00a0 Leipzig, 1890; <em>Friedrich Lubkers Reallexikon des klassischen Altertums<\/em>, Leipzig, Berlin, 1914; <em>Gemeindelexikon der Bukowina<\/em>, Wien, 1907; <em>Polnaja en\u0163iklopedija ruskogo seliskogo hozjaistva<\/em>, I\u2013XI, Sankt-Petersburg, 1900\u20131907; <em>Die \u00f6sterreichisch-ungarische Monarchie in Wort und Bild<\/em>, Wien, 1886\u20131902; <em>Minerva. Enciclopedie rom\u00e2n\u0103<\/em>, Cluj, 1929;<br \/><em>\u00a0 \u00a0 \u00a0 \u00a0 \u00a0 \u00a0 \u00a0\u2013 carte de interes \u015ftiin\u0163ific<\/em>: Theoktist Blazewicz, <em>Theoretisch-praktische Grammatik der dacoromanischen, das ist: der moldauischen oder wallachischen Sprache<\/em> (Gramatic\u0103 teoretico-practic\u0103 a limbii valahe), Lemberg&amp;Czernowitz, 1844; Franz Herbich, <em>Flora der Bukowina<\/em>, Leipzig, 1859; Johann Winckler, <em>Die periodische Presse Oesterreichs<\/em> (Presa periodic\u0103 a Austriei), Wien, 1875; Julius Platter, <em>Der Wucher in der Bukovina<\/em> (C\u0103m\u0103t\u0103ria \u00een Bucovina), Jena, 1878; Friedrich Muller, <em>Allgemeine Ethnographie<\/em> (Etnografie general\u0103), Wien, 1879; Eugen Brote, <em>Die rum\u00e4nische Frage in Siebenb\u00fcrgen und Ungarn<\/em> (Chestiunea rom\u00e2neasc\u0103 \u00een Transilvania \u015fi Ungaria), Berlin, 1895; Anton Norst, <em>Alma mater Francisco-Josephina<\/em>, Czernowitz, 1900; Emanuil Grigorovitza, <em>Rom\u00e2nii \u00een monumentele literare germane medievale<\/em>, Bucure\u015fti, 1901; Dimitrie Dan, <em>Cronica Episcopiei de R\u0103d\u0103u\u0163i<\/em>, Viena, 1912; Mihail G. Boiagi, <em>Gramatica rom\u00e2n\u0103 sau macedo-rom\u00e2n\u0103<\/em>, Bucure\u015fti, 1915; Tudor Pamfile, <em>Mitologie rom\u00e2neasc\u0103, I. Du\u015fmani \u015fi prieteni ai omului<\/em>, <em>II. Comorile<\/em>, Bucure\u015fti, Leipzig, Viena, 1916; Albert Dauzat, <em>La philosophie du langage<\/em>, Paris, 1920; Gheorghe Oprescu, <em>Arta \u0163\u0103r\u0103neasc\u0103 la rom\u00e2ni<\/em>, Bucure\u015fti, 1922; G. T. Niculescu-Varone, <em>Jocuri rom\u00e2ne\u015fti necunoscute<\/em>, Bucure\u015fti, 1930; S. Reli, <em>Originea \u015fi evolu\u0163ia costumului preo\u0163esc la rom\u00e2ni<\/em>, Cern\u0103u\u0163i, 1936; Teodor B\u0103lan, <em>Documente bucovinene<\/em>, I, IV, Cern\u0103u\u0163i, 1933, 1938;<br \/>\u00a0 \u00a0 \u00a0 \u00a0 \u00a0 \u00a0 \u00a0\u2013 <em>carte cu dedica\u0163ie<\/em>: Radu I. Sbiera, <em>Die prosodischen Funktionen inlautender muta cum liquida bei Vergil<\/em> (<em>Func\u0163iile prozodice \u00een versurile lui Vergiliu<\/em>), Czernowitz, 1898 (\u201eF\u00fcr die Bibliothek des k.k. Ober-Gymnasiums in Radautz, Czernowitz, 2 sept. 1898\u201d, dedica\u0163ie a autorului); Constantin Berariu, <em>Ale m\u0103rii \u015fi iubirii valuri (Hero \u015fi Leandru)<\/em>, Cern\u0103u\u0163i, 1904 (dedica\u0163ie c\u0103tre Leonida Bodn\u0103rescu); Ioan Cioc\u00e2rlan, <em>Traiul nostru<\/em>, Budapesta, 1906 (dedica\u0163ie c\u0103tre Ion Calinderu, pre\u015fedinte al Academiei Rom\u00e2ne: \u201eCelei mai curate inimi \u015fi celui mai de pre\u0163 suflet cu care se f\u0103le\u015fte Rom\u00e2nia, \u00een semn de \u00eenalt\u0103 stim\u0103 \u015fi nem\u0103surat respect\u201d); Constantin Morariu, <em>Ciprian Porumbescu dup\u0103 25 de ani de la moartea lui<\/em>, Suceava, 1908 (\u201ePrea bunului \u015fi iubitului meu frate \u015fi amic Eugen Ne\u015fciuc, \u00een semn de fr\u0103\u0163easc\u0103 dragoste\u201d); Atanasie Gherman, <em>Sfaturi prietene\u015fti pentru \u0163\u0103ranul rom\u00e2n<\/em>, ed. a II-a, Cern\u0103u\u0163i, 1910 (\u201eSpre amintire de la autor, fostului s\u0103u coleg \u015fi prieten bun de azi, Leonida Bodn\u0103rescu, 9 iulie 1910\u201d); Vasile Loichi\u0163\u0103, <em>Ceva despre mi\u015fcarea noastr\u0103 literar\u0103 \u00een Regat<\/em>, I, Caransebe\u015f, 1913 (\u201eDomnului Director Leonida Bodn\u0103rescul, \u00een semn de colegial\u0103 stim\u0103, 22 decembrie 1913\u201d).<br \/>\u00a0 \u00a0 \u00a0 \u00a0 \u00a0 \u00a0 Dintre lucr\u0103rile acestei valoroase biblioteci academice, unele fiind rarit\u0103\u0163i \u00een Bucovina \u015fi chiar \u00een Rom\u00e2nia\u201a men\u0163ion\u0103m dou\u0103: <em>Lyrische Antologie <\/em>(<em>Antologie liric\u0103<\/em>), edi\u0163ie \u00eengrijit\u0103 de Friedrich Matthisson, vol. I\u2013XX, 1804\u20131808, care reprezint\u0103 un \u201eproiect izvor\u00e2t [\u2026] din iubirea pentru arta poetic\u0103\u201d. Din colec\u0163ia noastr\u0103 lipse\u015fte volumul XIV, iar volumul XVII se afl\u0103 \u00een dublet. \u00cen volumele I\u2013XVIII sunt antologa\u0163i 187 de autori, fiecare av\u00e2nd \u015fi un fi\u015fier biografic. Volumele XIX\u2013XX cuprind o <em>addenda<\/em> la volumele anterioare \u015fi un indice alfabetic al poeziilor antologate, prezent\u00e2nd interes pentru istoria literar\u0103. Cea de a doua lucrare apar\u0163ine botanistului \u015fi medicului militar Franz Herbich (1791\u20131865) \u015fi se intituleaz\u0103 <em>Flora der Bukowina<\/em>, care apare sub egida Editurii ,,F. Volckmar\u201d din Leipzig \u015fi este imprimat\u0103 la Tipografia \u201eA. Edelmann\u201d din aceea\u015fi localitate, \u00een 1859. Autorul prezint\u0103 \u00een lucrarea sa 484 de specii ale florei din Bucovina, sunt men\u0163ionate localit\u0103\u0163ile din Bucovina unde au fost observate plantele, precum \u015fi lunile de recoltare pentru ierborizarea acestora.<br \/>\u00a0 \u00a0 \u00a0 \u00a0 \u00a0 Un num\u0103r de 16 c\u0103r\u0163i \u015fi dou\u0103 periodice, dintre cele ajunse la noi, sunt considerate c\u0103r\u0163i rare. Din anul 1995\/1996, aceast\u0103 veche bibliotec\u0103 din Bucovina a devenit o bibliotec\u0103 de cercetare academic\u0103. Astfel, lucrarea lui Franz Herbich a fost semnalat\u0103 la R\u0103d\u0103u\u0163i de c\u0103tre cercet\u0103torul Vasile I. Schipor, care a publicat, \u00een ,,Analele Bucovinei\u201d, anul XIV, nr. 2, [iulie-decembrie] 2007, pp. 427\u2013434, studiul <em>Cercet\u0103torul austriac Franz Herbich (1791\u20131865) \u015fi contribu\u0163iile sale la cunoa\u015fterea florei din Bucovina<\/em>. Periodicele de limb\u0103 german\u0103 din fosta Lehrerbibliothek a Gimnaziului Superior de Stat din R\u0103d\u0103u\u0163i au fost prezentate de c\u0103tre \u015etef\u0103ni\u0163a-Mihaela Ungureanu, care a realizat o clasificare pe domenii a acestora: ziare; reviste \u015fi anuare (statistic\u0103, rapoarte anuale, d\u0103ri de seam\u0103; \u00eenv\u0103\u0163\u0103m\u00e2nt; pedagogie, didactic\u0103 \u015fi metodica pred\u0103rii; literatur\u0103 \u2013 beletristic\u0103; filologie clasic\u0103; etnografie \u015fi folclor; istorie; arheologie; geografie, geologie, astronomie; botanic\u0103, biologie, anatomie; \u015ftiin\u0163ele naturii; matematic\u0103, fizic\u0103, chimie; altele; nout\u0103\u0163i editoriale). Manualele de limb\u0103 german\u0103 din biblioteca \u015fcolar\u0103 a Gimnaziului Superior de Stat au constituit obiectul unui articol cu titlul <em>Evolu\u0163ia \u00eenv\u0103\u0163\u0103m\u00e2ntului la R\u0103d\u0103u\u0163i. Manuale \u015fcolare \u00een biblioteca Gimnaziului de Stat cezaro-cr\u0103iesc<\/em>, semnat de \u015etef\u0103ni\u0163a-Mihaela Ungureanu, publicat \u00een ,,Analele Bucovinei\u201d, anul IX, nr. 1, [ianuarie-iunie] 2002, pp. 41\u201348. Fondul general de carte \u015fi periodice al Institutului ,,Bucovina\u201d se \u00eembog\u0103\u0163e\u015fte \u015fi prin transfer, schimb interbibliotecar, dona\u0163ii \u015fi achizi\u0163ie (achizi\u0163ie de pe pia\u0163a liber\u0103 a c\u0103r\u0163ii \u00eentr-o perioad\u0103 mai veche, 1996\u20132000; achizi\u0163ie de carte nou\u0103). De-a lungul anilor, \u00een organizarea acestuia s-au constituit mai multe fonduri: Fondul documentar \u201eEudoxiu Hurmuzachi\u201d (reunind periodice germane, periodice rom\u00e2ne\u015fti, enciclopedii \u015fi dic\u0163ionare, carte veche \u015fi rar\u0103, carte de interes \u015ftiin\u0163ific, carte cu dedica\u0163ie provenind de la fosta Bibliotec\u0103 a profesorilor\/Lehrerbibliothek a Liceului de Stat \u201eEudoxiu Hurmuzachi\u201d); Fondul documentar \u201eSocietatea pentru Cultura \u015fi Literatura Rom\u00e2n\u0103 \u00een Bucovina\u201d; Fondul documentar \u201eDoctor Claudius von Teutul\u201d; Fondul documentar \u201eDrago\u015f Luchian\u201d; Fondul documentar \u201eDr. Valerian G\u0103in\u0103\u201d; Fondul documentar \u201eProf. Eugen Pohon\u0163u \u2013 Dr. Radu Gheorghe\u201d; Fondul documentar \u201eJohann Reinhold Irimi\u201d; Fondul documentar \u201eDr. Epifanie E. Coz\u0103rescu\u201d; Fondul documentar \u201eVoitec-Dordea\u201d; Fond documentar \u201eDr. Ortfried Kotzian\u201d; Fondul documentar ,,Prof. Elisabeta Bejenaru\u201d; Fondul documentar ,,Prof. Br\u00e2ndu\u015fa Paulencu-Cepuc\u201d \u015f.a.<br \/>\u00a0 \u00a0 \u00a0 \u00a0 \u00a0 \u00a0Prin dona\u0163ie, de-a lungul celor dou\u0103 decenii, se constituie un alt fond valoros, de interes pentru cercetarea \u015ftiin\u0163ific\u0103 privind Bucovina: <em>Fondul de manuscrise<\/em>:\u00a0 \u00a0 \u00a0 \u2013 Clement Antonovici, <em>Graiul din Bucovina<\/em> \u2013 <em>\u00eencercare de monografie dialectal\u0103<\/em>, Suceava, 1987\u20131989, 226 p. + hart\u0103; \u2013 Epifanie Coz\u0103rescu, <em>Album. Vederi \u015fi fotografii din Cern\u0103u\u0163i<\/em>, Roman, 1968, 20 plan\u015fe 35,5 \u00d7 25,5 cm (album tipizat, legat, coperta din carton cu mu\u015fama); \u2013 Emilian Drehu\u0163\u0103 (coordonator), <em>Florile \u015fi fructele timpului la Baine\u0163. Cronic\u0103<\/em>, [Bac\u0103u], 1989, 229 p. (manuscris dactilografiat); \u2013 Dimitrie G\u0103l\u0103tescu, <em>Drumuri pe z\u0103pad\u0103. Consemn\u0103ri<\/em>, Bucure\u015fti, 1986\u20131988, 248 p. (manuscris dactilografiat, legat, de format 21,5 \u00d7 28,5 cm); \u2013 Filon Lauric, <em>Amintirile mele <\/em>[Albumul \u00eentrunirilor academice studen\u0163e\u015fti \u201eBucovina\u201d \u015fi \u201eMoldova\u201d], Woodstock-Illinois, 1999, 84 p. (album provenit din S.U.A., legat, cu o floare de iris mov pe coperta I, de format mai pu\u0163in obi\u015fnuit: 0,30 \u00d7 32,3 cm); \u2013 Mircea Pahomi, <em>Documente sucevene <\/em>(volume legate, de format 21 \u00d7 30 cm): 1) <em>M\u0103n\u0103stirea Moldovi\u0163a, secolele XV\u2013XIII<\/em>, Bucure\u015fti, 1980 (manuscris dactilografiat, cuprinde 294 de documente); 2) <em>M\u0103n\u0103stirea Homor, secolele XV\u2013XIX<\/em>, Bucure\u015fti, 1981 (manuscris dactilografiat, cuprinde 183 de documente); 3) <em>M\u0103n\u0103stirea Dragomirna, secolele XV\u2013XVIII<\/em>, Bucure\u015fti, 1981 (manuscris dactilografiat, cuprinde 160 de documente); 4) <em>M\u0103n\u0103stirea Vorone\u0163, secolele XV\u2013XVIII<\/em>, Bucure\u015fti, 1982 (manuscris dactilografiat, cuprinde 170 de documente); 5) <em>M\u0103n\u0103stirea Solca, Biserica Arbore, Biserica Mili\u015f\u0103u\u0163i \u015fi Ocolul B\u0103deu\u0163i, Biserica B\u0103line\u015fti-Gr\u0103me\u015fti<\/em>, Bucure\u015fti, 1984 (manuscris dactilografiat, cuprinde 186 de documente); 6) <em>M\u0103n\u0103stirea Putna, secolele XV\u2013XIX<\/em>, Bucure\u015fti, 1987 (manuscris dactilografiat, cuprinde 583 de documente); Mircea Pahomi, <em>Monumente istorice-biserice\u015fti din Bucovina. Ora\u015ful Suceava \u015fi t\u00e2rgul Siret, secolele XIV\u2013XVIII<\/em>, Bucure\u015fti, 1994, 234 p. (manuscris dactilografiat); \u2013 Drago\u015f Rusu, Constantin Botezat (coord.), <em>Liceul de Stat Siret. Pagini documentare<\/em>, vol. I\u2013IV, Siret, 1987 (manuscris dactilografiat, legat, de format 21,5 \u00d7 28,5 cm: I. <em>Istoricul Liceului<\/em>, XVIII + 252 p.; II. <em>Memorialistica <\/em>(1), IV + 256 p.; III. <em>Memorialistica <\/em>(2), 213 p.; IVa. <em>Documente de epoc\u0103<\/em>, II + 46 p.; IV.b. <em>Supliment<\/em>, 77 p.); \u2013 Filip \u0162opa, <em>Povestea Bucovinei<\/em>, vol. I\u2013IV, Bucure\u015fti, 1982\u20131986, 190 p. + 197 p. + 206 p. + 36 p. + XVI + 264 p. (manuscris litografiat, legat, cu carton plasticat).<br \/>\u00a0 \u00a0 \u00a0 \u00a0 \u00a0 Un fond aparte \u00een cadrul acestei biblioteci de cercetare s-a constituit \u00een anul 2003. Din depozitul de la Ateneul \u201eMihai Eminescu\u201d din G\u0103l\u0103ne\u015fti al Bibliotecii Filialei Ia\u015fi a Academiei Rom\u00e2ne, au fost transferate 15 colec\u0163ii de periodice \u015fi 682 de c\u0103r\u0163i, toate referitoare la perioada comunist\u0103. Fondul de carte al bibliotecii Institutului ,,Bucovina\u201d s-a \u00eembog\u0103\u0163it \u015fi prin lucr\u0103rile elaborate \u00een cadrul colec\u0163iei ,,Enciclopedia Bucovinei \u00een studii \u015fi monografii\u201d, \u00eenfiin\u0163at\u0103 \u00een anul 1996. Seria lucr\u0103rilor acestei colec\u0163ii a fost deschis\u0103 cu o lucrare de toponimie minor\u0103 privind localit\u0103\u0163ile din Bucovina, dup\u0103 care au fost editate lucr\u0103ri ce prezint\u0103 primele descrieri ale Bucovinei, \u00eentr-o edi\u0163ie bilingv\u0103, germano-rom\u00e2n\u0103. \u00cen aceast\u0103 colec\u021bie au ap\u0103rut: sinteze, monografii, colec\u0163ii de documente, edi\u0163ii noi ale unor contribu\u0163ii valoroase privind Bucovina istoric\u0103. \u00cencep\u00e2nd cu anul 2015, s-au \u00eenfiin\u0163at c\u00e2teva serii noi: <em>Documente<\/em>,<em> Studii monografice <\/em>\u015fi <em>Instrumente de lucru. <\/em>\u00cen cadrul bibliotecii Institutului ,,Bucovina\u201d a fost alc\u0103tuit \u015fi un fond documentar cuprinz\u00e2nd copii digitalizate dup\u0103 lucr\u0103ri fundamentale: colec\u0163ii de documente, dic\u0163ionare \u015fi periodice de interes pentru cercetarea \u015ftiin\u0163ific\u0103, instrumente de lucru \u00een cercetarea curent\u0103 \u2013 toate acestea constituie biblioteca virtual\u0103 a Institutului \u201eBucovina\u201d. Fondul de carte al bibliotecii Institutului \u201eBucovina\u201d al Academiei Rom\u00e2ne cuprinde peste 15 500 unit\u0103\u0163i (c\u0103r\u021bi \u0219i periodice).<br \/>\u00a0 \u00a0 \u00a0 \u00a0 \u00a0 \u00a0 Dup\u0103 1996, fac referire la istoricul \u015fi patrimoniul acestei biblioteci de cercetare \u015ftiin\u0163ific\u0103 din Bucovina: \u2013 Vasile I. Schipor, <em>Biblioteci \u00een tranzi\u0163ie<\/em>, \u00een \u201e\u00abBiblioteca\u00bb. Revist\u0103 de bibliologie \u015fi \u015ftiin\u0163a inform\u0103rii\u201d, serie nou\u0103, Bucure\u015fti, anul X, nr. 3, martie, 1999, pp. 87\u201389; nr. 4, aprilie 1999, pp. 117\u2013119;<strong> \u2013 <\/strong>Vasile\u00a0I. Schipor: <em>Destinul unei biblioteci din Bucovina <\/em>[Biblioteca Centrului de Studii \u201eBucovina\u201d al Academiei Rom\u00e2ne], \u00een \u201eAnalele Bucovinei\u201d, anul VI, nr. 1 (12) [ianuarie\u2013iunie] 1999, pp. 39\u201346;\u00a0 \u00a0 \u00a0 \u00a0\u2013 \u015etef\u0103ni\u0163a-Mihaela Ungureanu, <em>Evolu\u0163ia \u00eenv\u0103\u0163\u0103m\u00e2ntului la R\u0103d\u0103u\u0163i. Manuale \u015fcolare \u00een biblioteca Gimnaziului de Stat cezaro-cr\u0103iesc<\/em>, \u00een ,,Analele Bucovinei\u201d, anul IX, nr. 1, [ianuarie\u2013iunie] 2002, pp. 41\u201348; \u2013 Vasile I. Schipor, <em>Biblioteca Centrului de Studii \u201eBucovina\u201d<\/em>, \u00een \u201e\u00abScriptum\u00bb. Buletin trimestrial de informare profesional\u0103\u201d, Biblioteca Bucovinei \u201eI. G. Sbiera\u201d, Suceava, anul XII, nr. 1\u20132, 2006, pp. 8\u201311; \u2013 Vasile I. Schipor, <em>Biblioteca Centrului de Studii \u201eBucovina\u201d. Destinul unei biblioteci din \u0162ara de Sus a Moldovei<\/em>, \u00een volumul <em>Bucovina istoric\u0103. Studii \u015fi documente<\/em>, Cuv\u00e2nt-\u00eenainte de D. Vatamaniuc, membru de onoare al Academiei Rom\u00e2ne, Bucure\u015fti, Editura Academiei Rom\u00e2ne, Colec\u0163ia \u201eEnciclopedia Bucovinei \u00een studii \u015fi monografii\u201d (22), 2007, pp. 139\u2013154; \u2013 Vasile I. Schipor, <em>R\u0103d\u0103u\u0163i, 1872\u20131938. Biblioteca \u00een via\u0163a ora\u015fului modern din Bucovina<\/em>, \u00een \u201eAnuarul Muzeului Literaturii Rom\u00e2ne\u201d, anul I, Ia\u015fi, Editura Alfa, 2008, pp. 165\u2013185.<\/p><h3><img loading=\"lazy\" decoding=\"async\" id=\"stegulet\" src=\"https:\/\/www.institutulbucovina.ro\/imagini\/stegulet.png\" alt=\"\" width=\"26\" height=\"50\" \/><img loading=\"lazy\" decoding=\"async\" src=\"https:\/\/www.institutulbucovina.ro\/imagini\/icon_carte.png\" alt=\"\" width=\"40\" height=\"40\" \/><\/h3><h3>Lista de c\u0103r\u021bi \u0219i periodice a Institutului BUCOVINA din R\u0103d\u0103u\u021bi o pute\u021bi consulta<\/h3><h3><a href=\"https:\/\/institutulbucovina.ro\/web\/?sdm_process_download=1&amp;download_id=912\"><b>AICI<\/b>.<\/a><\/h3>\t\t\t\t\t\t<\/div>\n\t\t\t\t<\/div>\n\t\t\t\t<div class=\"elementor-element elementor-element-558f83c elementor-widget elementor-widget-shortcode\" data-id=\"558f83c\" data-element_type=\"widget\" data-widget_type=\"shortcode.default\">\n\t\t\t\t<div class=\"elementor-widget-container\">\n\t\t\t\t\t<div class=\"elementor-shortcode\"><div class=\"sdm_download_count\"><span class=\"sdm_count_number\">327<\/span><span class=\"sdm_count_string\"> Downloads<\/span><\/div><\/div>\n\t\t\t\t<\/div>\n\t\t\t\t<\/div>\n\t\t\t\t\t<\/div>\n\t\t<\/div>\n\t\t\t\t\t\t\t<\/div>\n\t\t<\/section>\n\t\t\t\t<section class=\"elementor-section elementor-top-section elementor-element elementor-element-2020952 elementor-section-boxed elementor-section-height-default elementor-section-height-default\" data-id=\"2020952\" data-element_type=\"section\">\n\t\t\t\t\t\t<div class=\"elementor-container elementor-column-gap-default\">\n\t\t\t\t\t<div class=\"elementor-column elementor-col-100 elementor-top-column elementor-element elementor-element-825c334\" data-id=\"825c334\" data-element_type=\"column\">\n\t\t\t<div class=\"elementor-widget-wrap elementor-element-populated\">\n\t\t\t\t\t\t\t\t<div class=\"elementor-element elementor-element-299d4f1 elementor-widget elementor-widget-image\" data-id=\"299d4f1\" data-element_type=\"widget\" data-widget_type=\"image.default\">\n\t\t\t\t<div class=\"elementor-widget-container\">\n\t\t\t\t\t\t\t\t\t\t\t\t\t\t\t<img loading=\"lazy\" decoding=\"async\" width=\"573\" height=\"400\" src=\"https:\/\/institutulbucovina.ro\/web\/wp-content\/uploads\/2022\/04\/icon_carti_rare.png\" class=\"attachment-large size-large\" alt=\"\" srcset=\"https:\/\/institutulbucovina.ro\/web\/wp-content\/uploads\/2022\/04\/icon_carti_rare.png 573w, https:\/\/institutulbucovina.ro\/web\/wp-content\/uploads\/2022\/04\/icon_carti_rare-300x209.png 300w\" sizes=\"auto, (max-width: 573px) 100vw, 573px\" \/>\t\t\t\t\t\t\t\t\t\t\t\t\t\t\t<\/div>\n\t\t\t\t<\/div>\n\t\t\t\t\t<\/div>\n\t\t<\/div>\n\t\t\t\t\t\t\t<\/div>\n\t\t<\/section>\n\t\t\t\t\t\t<\/div>\n\t\t\t\t\t<\/div>\n\t\t","protected":false},"excerpt":{"rendered":"<p>BIBLIOTECA\u00a0 INSTITUTULUI\u00a0 \u201eBUCOVINA\u201d \u00a0 RALUCA-IRINA\u00a0 MUSC\u0102 \u00a0 \u00a0 \u00a0 \u00a0 \u00a0 \u00a0De la \u00eenfiin\u0163area Centrului de Studii ,,Bucovina\u201d (septembrie 1992), devenit ulterior Institutul ,,Bucovina\u201d al Academiei Rom\u00e2ne (2007), au existat preocup\u0103ri de formare a unei biblioteci proprii de cercetare \u015ftiin\u0163ific\u0103. \u00cen primii ani de activitate, institu\u0163ia are, pentru studiul curent al cercet\u0103torilor, circa 50 de &hellip;<\/p>\n<p class=\"read-more\"> <a class=\"\" href=\"https:\/\/institutulbucovina.ro\/web\/biblioteca\/\"> <span class=\"screen-reader-text\">Biblioteca<\/span> Read More &raquo;<\/a><\/p>\n","protected":false},"author":6,"featured_media":0,"parent":0,"menu_order":0,"comment_status":"closed","ping_status":"closed","template":"","meta":{"site-sidebar-layout":"no-sidebar","site-content-layout":"default","ast-main-header-display":"","ast-hfb-above-header-display":"","ast-hfb-below-header-display":"","ast-hfb-mobile-header-display":"","site-post-title":"","ast-breadcrumbs-content":"","ast-featured-img":"","footer-sml-layout":"","theme-transparent-header-meta":"default","adv-header-id-meta":"","stick-header-meta":"","header-above-stick-meta":"","header-main-stick-meta":"","header-below-stick-meta":"","footnotes":""},"class_list":["post-45","page","type-page","status-publish","hentry"],"yoast_head":"<!-- This site is optimized with the Yoast SEO plugin v17.8 - https:\/\/yoast.com\/wordpress\/plugins\/seo\/ -->\n<title>Biblioteca - Institutul Bucovina<\/title>\n<meta name=\"robots\" content=\"index, follow, max-snippet:-1, max-image-preview:large, max-video-preview:-1\" \/>\n<link rel=\"canonical\" href=\"https:\/\/institutulbucovina.ro\/web\/biblioteca\/\" \/>\n<meta property=\"og:locale\" content=\"ro_RO\" \/>\n<meta property=\"og:type\" content=\"article\" \/>\n<meta property=\"og:title\" content=\"Biblioteca - Institutul Bucovina\" \/>\n<meta property=\"og:description\" content=\"BIBLIOTECA\u00a0 INSTITUTULUI\u00a0 \u201eBUCOVINA\u201d \u00a0 RALUCA-IRINA\u00a0 MUSC\u0102 \u00a0 \u00a0 \u00a0 \u00a0 \u00a0 \u00a0De la \u00eenfiin\u0163area Centrului de Studii ,,Bucovina\u201d (septembrie 1992), devenit ulterior Institutul ,,Bucovina\u201d al Academiei Rom\u00e2ne (2007), au existat preocup\u0103ri de formare a unei biblioteci proprii de cercetare \u015ftiin\u0163ific\u0103. \u00cen primii ani de activitate, institu\u0163ia are, pentru studiul curent al cercet\u0103torilor, circa 50 de &hellip; Biblioteca Read More &raquo;\" \/>\n<meta property=\"og:url\" content=\"https:\/\/institutulbucovina.ro\/web\/biblioteca\/\" \/>\n<meta property=\"og:site_name\" content=\"Institutul Bucovina\" \/>\n<meta property=\"article:modified_time\" content=\"2024-03-20T13:48:43+00:00\" \/>\n<meta property=\"og:image\" content=\"https:\/\/www.institutulbucovina.ro\/imagini\/stegulet.png\" \/>\n<meta name=\"twitter:card\" content=\"summary_large_image\" \/>\n<meta name=\"twitter:label1\" content=\"Timp estimat pentru citire\" \/>\n\t<meta name=\"twitter:data1\" content=\"14 minute\" \/>\n<script type=\"application\/ld+json\" class=\"yoast-schema-graph\">{\"@context\":\"https:\/\/schema.org\",\"@graph\":[{\"@type\":\"WebSite\",\"@id\":\"https:\/\/institutulbucovina.ro\/web\/#website\",\"url\":\"https:\/\/institutulbucovina.ro\/web\/\",\"name\":\"Institutul Bucovina\",\"description\":\"Periodic al Institutului \\u201eBucovina\\u201d al Academiei Rom\\u00e2ne\",\"potentialAction\":[{\"@type\":\"SearchAction\",\"target\":{\"@type\":\"EntryPoint\",\"urlTemplate\":\"https:\/\/institutulbucovina.ro\/web\/?s={search_term_string}\"},\"query-input\":\"required name=search_term_string\"}],\"inLanguage\":\"ro-RO\"},{\"@type\":\"ImageObject\",\"@id\":\"https:\/\/institutulbucovina.ro\/web\/biblioteca\/#primaryimage\",\"inLanguage\":\"ro-RO\",\"url\":\"https:\/\/www.institutulbucovina.ro\/imagini\/stegulet.png\",\"contentUrl\":\"https:\/\/www.institutulbucovina.ro\/imagini\/stegulet.png\"},{\"@type\":\"WebPage\",\"@id\":\"https:\/\/institutulbucovina.ro\/web\/biblioteca\/#webpage\",\"url\":\"https:\/\/institutulbucovina.ro\/web\/biblioteca\/\",\"name\":\"Biblioteca - Institutul Bucovina\",\"isPartOf\":{\"@id\":\"https:\/\/institutulbucovina.ro\/web\/#website\"},\"primaryImageOfPage\":{\"@id\":\"https:\/\/institutulbucovina.ro\/web\/biblioteca\/#primaryimage\"},\"datePublished\":\"2021-12-16T10:14:20+00:00\",\"dateModified\":\"2024-03-20T13:48:43+00:00\",\"breadcrumb\":{\"@id\":\"https:\/\/institutulbucovina.ro\/web\/biblioteca\/#breadcrumb\"},\"inLanguage\":\"ro-RO\",\"potentialAction\":[{\"@type\":\"ReadAction\",\"target\":[\"https:\/\/institutulbucovina.ro\/web\/biblioteca\/\"]}]},{\"@type\":\"BreadcrumbList\",\"@id\":\"https:\/\/institutulbucovina.ro\/web\/biblioteca\/#breadcrumb\",\"itemListElement\":[{\"@type\":\"ListItem\",\"position\":1,\"name\":\"Prima pagin\\u0103\",\"item\":\"https:\/\/institutulbucovina.ro\/web\/\"},{\"@type\":\"ListItem\",\"position\":2,\"name\":\"Biblioteca\"}]}]}<\/script>\n<!-- \/ Yoast SEO plugin. -->","yoast_head_json":{"title":"Biblioteca - Institutul Bucovina","robots":{"index":"index","follow":"follow","max-snippet":"max-snippet:-1","max-image-preview":"max-image-preview:large","max-video-preview":"max-video-preview:-1"},"canonical":"https:\/\/institutulbucovina.ro\/web\/biblioteca\/","og_locale":"ro_RO","og_type":"article","og_title":"Biblioteca - Institutul Bucovina","og_description":"BIBLIOTECA\u00a0 INSTITUTULUI\u00a0 \u201eBUCOVINA\u201d \u00a0 RALUCA-IRINA\u00a0 MUSC\u0102 \u00a0 \u00a0 \u00a0 \u00a0 \u00a0 \u00a0De la \u00eenfiin\u0163area Centrului de Studii ,,Bucovina\u201d (septembrie 1992), devenit ulterior Institutul ,,Bucovina\u201d al Academiei Rom\u00e2ne (2007), au existat preocup\u0103ri de formare a unei biblioteci proprii de cercetare \u015ftiin\u0163ific\u0103. \u00cen primii ani de activitate, institu\u0163ia are, pentru studiul curent al cercet\u0103torilor, circa 50 de &hellip; Biblioteca Read More &raquo;","og_url":"https:\/\/institutulbucovina.ro\/web\/biblioteca\/","og_site_name":"Institutul Bucovina","article_modified_time":"2024-03-20T13:48:43+00:00","og_image":[{"url":"https:\/\/www.institutulbucovina.ro\/imagini\/stegulet.png"}],"twitter_card":"summary_large_image","twitter_misc":{"Timp estimat pentru citire":"14 minute"},"schema":{"@context":"https:\/\/schema.org","@graph":[{"@type":"WebSite","@id":"https:\/\/institutulbucovina.ro\/web\/#website","url":"https:\/\/institutulbucovina.ro\/web\/","name":"Institutul Bucovina","description":"Periodic al Institutului \u201eBucovina\u201d al Academiei Rom\u00e2ne","potentialAction":[{"@type":"SearchAction","target":{"@type":"EntryPoint","urlTemplate":"https:\/\/institutulbucovina.ro\/web\/?s={search_term_string}"},"query-input":"required name=search_term_string"}],"inLanguage":"ro-RO"},{"@type":"ImageObject","@id":"https:\/\/institutulbucovina.ro\/web\/biblioteca\/#primaryimage","inLanguage":"ro-RO","url":"https:\/\/www.institutulbucovina.ro\/imagini\/stegulet.png","contentUrl":"https:\/\/www.institutulbucovina.ro\/imagini\/stegulet.png"},{"@type":"WebPage","@id":"https:\/\/institutulbucovina.ro\/web\/biblioteca\/#webpage","url":"https:\/\/institutulbucovina.ro\/web\/biblioteca\/","name":"Biblioteca - Institutul Bucovina","isPartOf":{"@id":"https:\/\/institutulbucovina.ro\/web\/#website"},"primaryImageOfPage":{"@id":"https:\/\/institutulbucovina.ro\/web\/biblioteca\/#primaryimage"},"datePublished":"2021-12-16T10:14:20+00:00","dateModified":"2024-03-20T13:48:43+00:00","breadcrumb":{"@id":"https:\/\/institutulbucovina.ro\/web\/biblioteca\/#breadcrumb"},"inLanguage":"ro-RO","potentialAction":[{"@type":"ReadAction","target":["https:\/\/institutulbucovina.ro\/web\/biblioteca\/"]}]},{"@type":"BreadcrumbList","@id":"https:\/\/institutulbucovina.ro\/web\/biblioteca\/#breadcrumb","itemListElement":[{"@type":"ListItem","position":1,"name":"Prima pagin\u0103","item":"https:\/\/institutulbucovina.ro\/web\/"},{"@type":"ListItem","position":2,"name":"Biblioteca"}]}]}},"_links":{"self":[{"href":"https:\/\/institutulbucovina.ro\/web\/wp-json\/wp\/v2\/pages\/45","targetHints":{"allow":["GET"]}}],"collection":[{"href":"https:\/\/institutulbucovina.ro\/web\/wp-json\/wp\/v2\/pages"}],"about":[{"href":"https:\/\/institutulbucovina.ro\/web\/wp-json\/wp\/v2\/types\/page"}],"author":[{"embeddable":true,"href":"https:\/\/institutulbucovina.ro\/web\/wp-json\/wp\/v2\/users\/6"}],"replies":[{"embeddable":true,"href":"https:\/\/institutulbucovina.ro\/web\/wp-json\/wp\/v2\/comments?post=45"}],"version-history":[{"count":32,"href":"https:\/\/institutulbucovina.ro\/web\/wp-json\/wp\/v2\/pages\/45\/revisions"}],"predecessor-version":[{"id":918,"href":"https:\/\/institutulbucovina.ro\/web\/wp-json\/wp\/v2\/pages\/45\/revisions\/918"}],"wp:attachment":[{"href":"https:\/\/institutulbucovina.ro\/web\/wp-json\/wp\/v2\/media?parent=45"}],"curies":[{"name":"wp","href":"https:\/\/api.w.org\/{rel}","templated":true}]}}