{"id":23,"date":"2021-12-16T08:55:41","date_gmt":"2021-12-16T08:55:41","guid":{"rendered":"https:\/\/institutulbucovina.ro\/web\/?page_id=23"},"modified":"2023-10-04T09:26:00","modified_gmt":"2023-10-04T09:26:00","slug":"acasa","status":"publish","type":"page","link":"https:\/\/institutulbucovina.ro\/web\/","title":{"rendered":"Acasa"},"content":{"rendered":"\t\t<div data-elementor-type=\"wp-page\" data-elementor-id=\"23\" class=\"elementor elementor-23\" data-elementor-settings=\"[]\">\n\t\t\t\t\t\t\t<div class=\"elementor-section-wrap\">\n\t\t\t\t\t\t\t<section class=\"elementor-section elementor-top-section elementor-element elementor-element-13edc3a elementor-section-boxed elementor-section-height-default elementor-section-height-default\" data-id=\"13edc3a\" data-element_type=\"section\">\n\t\t\t\t\t\t<div class=\"elementor-container elementor-column-gap-default\">\n\t\t\t\t\t<div class=\"elementor-column elementor-col-100 elementor-top-column elementor-element elementor-element-d66971c\" data-id=\"d66971c\" data-element_type=\"column\">\n\t\t\t<div class=\"elementor-widget-wrap elementor-element-populated\">\n\t\t\t\t\t\t\t\t<div class=\"elementor-element elementor-element-a776c4c elementor-widget elementor-widget-spacer\" data-id=\"a776c4c\" data-element_type=\"widget\" data-widget_type=\"spacer.default\">\n\t\t\t\t<div class=\"elementor-widget-container\">\n\t\t\t\t\t<div class=\"elementor-spacer\">\n\t\t\t<div class=\"elementor-spacer-inner\"><\/div>\n\t\t<\/div>\n\t\t\t\t<\/div>\n\t\t\t\t<\/div>\n\t\t\t\t\t<\/div>\n\t\t<\/div>\n\t\t\t\t\t\t\t<\/div>\n\t\t<\/section>\n\t\t\t\t<section class=\"elementor-section elementor-top-section elementor-element elementor-element-dc18323 elementor-section-boxed elementor-section-height-default elementor-section-height-default\" data-id=\"dc18323\" data-element_type=\"section\">\n\t\t\t\t\t\t<div class=\"elementor-container elementor-column-gap-default\">\n\t\t\t\t\t<div class=\"elementor-column elementor-col-100 elementor-top-column elementor-element elementor-element-9d2814f\" data-id=\"9d2814f\" data-element_type=\"column\">\n\t\t\t<div class=\"elementor-widget-wrap elementor-element-populated\">\n\t\t\t\t\t\t\t\t<div class=\"elementor-element elementor-element-67dcb84 elementor-widget elementor-widget-heading\" data-id=\"67dcb84\" data-element_type=\"widget\" data-widget_type=\"heading.default\">\n\t\t\t\t<div class=\"elementor-widget-container\">\n\t\t\t<h2 class=\"elementor-heading-title elementor-size-default\">Anun\u021buri, \u0219tiri \u0219i evenimente<\/h2>\t\t<\/div>\n\t\t\t\t<\/div>\n\t\t\t\t\t<\/div>\n\t\t<\/div>\n\t\t\t\t\t\t\t<\/div>\n\t\t<\/section>\n\t\t\t\t<section class=\"elementor-section elementor-top-section elementor-element elementor-element-eb8ee4b elementor-section-boxed elementor-section-height-default elementor-section-height-default\" data-id=\"eb8ee4b\" data-element_type=\"section\">\n\t\t\t\t\t\t<div class=\"elementor-container elementor-column-gap-default\">\n\t\t\t\t\t<div class=\"elementor-column elementor-col-100 elementor-top-column elementor-element elementor-element-9ea80f0\" data-id=\"9ea80f0\" data-element_type=\"column\">\n\t\t\t<div class=\"elementor-widget-wrap elementor-element-populated\">\n\t\t\t\t\t\t\t\t<div class=\"elementor-element elementor-element-413f731 elementor-widget elementor-widget-elementskit-blog-posts\" data-id=\"413f731\" data-element_type=\"widget\" data-widget_type=\"elementskit-blog-posts.default\">\n\t\t\t\t<div class=\"elementor-widget-container\">\n\t\t\t<div class=\"ekit-wid-con\" >        <div id=\"post-items--413f731\" class=\"row post-items\" data-masonry-config=\"true\">\n                    <div class=\"col-lg-12 col-md-12\">\n\n                                    <div class=\"elementskit-post-image-card\">\n                        <div class=\"elementskit-entry-header\">\n                                                            <a href=\"https:\/\/institutulbucovina.ro\/web\/2026\/03\/26\/conferinta-cercetarii-stiintifice-din-academia-romana-sectia-de-stiinte-istorice-si-arheologie\/\" class=\"elementskit-entry-thumb\">\n                                    <img decoding=\"async\" src=\"https:\/\/institutulbucovina.ro\/web\/wp-content\/uploads\/2026\/03\/afis-212x300.jpg\" alt=\"Conferin\u021ba cercet\u0103rii \u0219tiin\u021bifice din Academia Rom\u00e2n\u0103, sec\u021bia de \u0219tiin\u021be istorice \u0219i arheologie\">\n                                <\/a><!-- .elementskit-entry-thumb END -->\n                                                                                                    <div class=\"elementskit-meta-lists elementskit-style-tag\">\n                                        <div class=\"elementskit-single-meta triangle_left\"><span class=\"elementskit-meta-wraper\"><strong>26<\/strong>mart.<\/span><\/div>\n                                    <\/div>\n                                                                                            \n                            \n                                                    <\/div><!-- .elementskit-entry-header END -->\n\n                        <div class=\"elementskit-post-body ekit-highlight-border\">\n                            \n                                                                                                                        \n                                        \n                                                                                                <h2 class=\"entry-title\">\n                    <a href=\"https:\/\/institutulbucovina.ro\/web\/2026\/03\/26\/conferinta-cercetarii-stiintifice-din-academia-romana-sectia-de-stiinte-istorice-si-arheologie\/\">\n                            Conferin\u021ba cercet\u0103rii \u0219tiin\u021bifice din Academia Rom\u00e2n\u0103, sec\u021bia de \u0219tiin\u021be istorice \u0219i arheologie                    <\/a>\n                <\/h2>\n                                                                                                                                                                                            <p>Institutul de Istorie \u201eNicolae Iorga\u201d Bd. Aviatorilor, nr. 1 Format hibrid Luni, 30 martie 2026 https:\/\/meet.google.com\/ras-rnnp-tof<\/p>\n                                                                                                                                                <\/div><!-- .elementskit-post-body END -->\n                    <\/div>\n                \n            <\/div>\n                    <div class=\"col-lg-12 col-md-12\">\n\n                                    <div class=\"elementskit-post-image-card\">\n                        <div class=\"elementskit-entry-header\">\n                                                            <a href=\"https:\/\/institutulbucovina.ro\/web\/2026\/03\/26\/afisarea-rezultatelor-probei-scrise-asistent-de-cercetare-stiintifica-norma-intreaga-perioada-nedeterminata-institutul-bucovina\/\" class=\"elementskit-entry-thumb\">\n                                    <img decoding=\"async\" src=\"https:\/\/institutulbucovina.ro\/web\/wp-content\/uploads\/2026\/03\/page_1-212x300.jpg\" alt=\"AFI\u0218AREA REZULTATELOR Probei scrise Asistent de cercetare \u0219tiin\u021bific\u0103 norm\u0103 \u00eentreag\u0103, perioad\u0103 nedeterminat\u0103 Institutul \u201eBucovina\u201d\">\n                                <\/a><!-- .elementskit-entry-thumb END -->\n                                                                                                    <div class=\"elementskit-meta-lists elementskit-style-tag\">\n                                        <div class=\"elementskit-single-meta triangle_left\"><span class=\"elementskit-meta-wraper\"><strong>26<\/strong>mart.<\/span><\/div>\n                                    <\/div>\n                                                                                            \n                            \n                                                    <\/div><!-- .elementskit-entry-header END -->\n\n                        <div class=\"elementskit-post-body ekit-highlight-border\">\n                            \n                                                                                                                        \n                                        \n                                                                                                <h2 class=\"entry-title\">\n                    <a href=\"https:\/\/institutulbucovina.ro\/web\/2026\/03\/26\/afisarea-rezultatelor-probei-scrise-asistent-de-cercetare-stiintifica-norma-intreaga-perioada-nedeterminata-institutul-bucovina\/\">\n                            AFI\u0218AREA REZULTATELOR Probei scrise Asistent de cercetare \u0219tiin\u021bific\u0103 norm\u0103 \u00eentreag\u0103, perioad\u0103 nedeterminat\u0103 Institutul \u201eBucovina\u201d                    <\/a>\n                <\/h2>\n                                                                                                                                                                                            <p>[pdf-embedder url=&#8221;https:\/\/institutulbucovina.ro\/web\/wp-content\/uploads\/2026\/03\/REZULTATE.pdf&#8221;<\/p>\n                                                                                                                                                <\/div><!-- .elementskit-post-body END -->\n                    <\/div>\n                \n            <\/div>\n                    <div class=\"col-lg-12 col-md-12\">\n\n                                    <div class=\"elementskit-post-image-card\">\n                        <div class=\"elementskit-entry-header\">\n                                                            <a href=\"https:\/\/institutulbucovina.ro\/web\/2026\/01\/27\/institutul-bucovina-scoate-la-concurs-postul-de-asistent-cercetare-stiintifica-acs-norma-intreaga-perioada-nedeterminata\/\" class=\"elementskit-entry-thumb\">\n                                    <img decoding=\"async\" src=\"https:\/\/institutulbucovina.ro\/web\/wp-content\/uploads\/2026\/01\/Anunt-235x300.png\" alt=\"Institutul \u201eBucovina\u201d scoate la concurs postul de Asistent cercetare \u0219tiin\u021bific\u0103 (ACS), norm\u0103 \u00eentreag\u0103, perioad\u0103 nedeterminat\u0103\">\n                                <\/a><!-- .elementskit-entry-thumb END -->\n                                                                                                    <div class=\"elementskit-meta-lists elementskit-style-tag\">\n                                        <div class=\"elementskit-single-meta triangle_left\"><span class=\"elementskit-meta-wraper\"><strong>27<\/strong>ian.<\/span><\/div>\n                                    <\/div>\n                                                                                            \n                            \n                                                    <\/div><!-- .elementskit-entry-header END -->\n\n                        <div class=\"elementskit-post-body ekit-highlight-border\">\n                            \n                                                                                                                        \n                                        \n                                                                                                <h2 class=\"entry-title\">\n                    <a href=\"https:\/\/institutulbucovina.ro\/web\/2026\/01\/27\/institutul-bucovina-scoate-la-concurs-postul-de-asistent-cercetare-stiintifica-acs-norma-intreaga-perioada-nedeterminata\/\">\n                            Institutul \u201eBucovina\u201d scoate la concurs postul de Asistent cercetare \u0219tiin\u021bific\u0103 (ACS), norm\u0103 \u00eentreag\u0103, perioad\u0103 nedeterminat\u0103                    <\/a>\n                <\/h2>\n                                                                                                                                                                                            <p>&nbsp; Anunt Anexa 1 &#8211; Cerere de \u00eenscriere la concurs Anexa 2 &#8211; Propunerea de dezvoltare a carierei \u0219tiin\u021bifice Anexa 3 &#8211; Fi\u015f\u0103 de verificare a \u00eendeplinirii standardelor Anexa 4 &#8211; Declara\u021bie de consim\u021b\u0103m\u00e2nt privind prelucrarea datelor Anexa 5 &#8211;<\/p>\n                                                                                                                                                <\/div><!-- .elementskit-post-body END -->\n                    <\/div>\n                \n            <\/div>\n                    <div class=\"col-lg-12 col-md-12\">\n\n                                    <div class=\"elementskit-post-image-card\">\n                        <div class=\"elementskit-entry-header\">\n                                                            <a href=\"https:\/\/institutulbucovina.ro\/web\/2026\/01\/22\/dezbatere-publica-unirea-principatelor-romane\/\" class=\"elementskit-entry-thumb\">\n                                    <img decoding=\"async\" src=\"https:\/\/institutulbucovina.ro\/web\/wp-content\/uploads\/2026\/01\/24-IAN-2026-225x300.jpg\" alt=\"DEZBATERE PUBLIC\u0102 \u2014 UNIREA PRINCIPATELOR ROM\u00c2NE\">\n                                <\/a><!-- .elementskit-entry-thumb END -->\n                                                                                                    <div class=\"elementskit-meta-lists elementskit-style-tag\">\n                                        <div class=\"elementskit-single-meta triangle_left\"><span class=\"elementskit-meta-wraper\"><strong>22<\/strong>ian.<\/span><\/div>\n                                    <\/div>\n                                                                                            \n                            \n                                                    <\/div><!-- .elementskit-entry-header END -->\n\n                        <div class=\"elementskit-post-body ekit-highlight-border\">\n                            \n                                                                                                                        \n                                        \n                                                                                                <h2 class=\"entry-title\">\n                    <a href=\"https:\/\/institutulbucovina.ro\/web\/2026\/01\/22\/dezbatere-publica-unirea-principatelor-romane\/\">\n                            DEZBATERE PUBLIC\u0102 \u2014 UNIREA PRINCIPATELOR ROM\u00c2NE                    <\/a>\n                <\/h2>\n                                                                                                                                                                                            <p>DEZBATERE PUBLIC\u0102 pe tema UNIREA PRINCIPATELOR ROM\u00c2NE Sediul Colegiului Na\u021bional \u201eEudoxiu Hurmuzachi\u201d Sala CDI 23 ianuarie 2026 &#8211; ora 09.00<\/p>\n                                                                                                                                                <\/div><!-- .elementskit-post-body END -->\n                    <\/div>\n                \n            <\/div>\n                    <div class=\"col-lg-12 col-md-12\">\n\n                                    <div class=\"elementskit-post-image-card\">\n                        <div class=\"elementskit-entry-header\">\n                                                            <a href=\"https:\/\/institutulbucovina.ro\/web\/2025\/10\/08\/conferinta-bucovina-de-la-imperiul-habsburgic-la-regatul-romaniei-autohtonism-traditionalism-si-modernizare\/\" class=\"elementskit-entry-thumb\">\n                                    <img decoding=\"async\" src=\"https:\/\/institutulbucovina.ro\/web\/wp-content\/uploads\/2025\/10\/afis-conferinta-9-10-octombrie-2025-1-225x300.jpg\" alt=\"Conferin\u021ba \u201eBUCOVINA DE LA IMPERIUL HABSBURGIC LA REGATUL ROM\u00c2NIEI \u2013 autohtonism, tradi\u021bionalism \u0219i modernizare\u201d\">\n                                <\/a><!-- .elementskit-entry-thumb END -->\n                                                                                                    <div class=\"elementskit-meta-lists elementskit-style-tag\">\n                                        <div class=\"elementskit-single-meta triangle_left\"><span class=\"elementskit-meta-wraper\"><strong>08<\/strong>oct.<\/span><\/div>\n                                    <\/div>\n                                                                                            \n                            \n                                                    <\/div><!-- .elementskit-entry-header END -->\n\n                        <div class=\"elementskit-post-body ekit-highlight-border\">\n                            \n                                                                                                                        \n                                        \n                                                                                                <h2 class=\"entry-title\">\n                    <a href=\"https:\/\/institutulbucovina.ro\/web\/2025\/10\/08\/conferinta-bucovina-de-la-imperiul-habsburgic-la-regatul-romaniei-autohtonism-traditionalism-si-modernizare\/\">\n                            Conferin\u021ba \u201eBUCOVINA DE LA IMPERIUL HABSBURGIC LA REGATUL ROM\u00c2NIEI \u2013 autohtonism, tradi\u021bionalism \u0219i modernizare\u201d                    <\/a>\n                <\/h2>\n                                                                                                                                                                                            <p>A XXXIII-a sesiune anual\u0103 de referate \u015fi comunic\u0103ri \u015ftiin\u0163ifice R\u0103d\u0103u\u021bi, 9 \u2013 10 octombrie 2025 Muzeul M\u0103n\u0103stirii Bogdana, ora 09.00<\/p>\n                                                                                                                                                <\/div><!-- .elementskit-post-body END -->\n                    <\/div>\n                \n            <\/div>\n                    <div class=\"col-lg-12 col-md-12\">\n\n                                    <div class=\"elementskit-post-image-card\">\n                        <div class=\"elementskit-entry-header\">\n                                                            <a href=\"https:\/\/institutulbucovina.ro\/web\/2025\/05\/08\/conferinta-interactiva-drumul-romaniei-de-la-independenta-de-stat-la-integrarea-europeana\/\" class=\"elementskit-entry-thumb\">\n                                    <img decoding=\"async\" src=\"https:\/\/institutulbucovina.ro\/web\/wp-content\/uploads\/2025\/06\/afis-9-mai-225x300.jpg\" alt=\"Conferin\u021ba interactiv\u0103 &#8211; \u201eDRUMUL ROM\u00c2NIEI: DE LA INDEPENDEN\u021aA DE STAT LA INTEGRAREA EUROPEAN\u0102\u201d\">\n                                <\/a><!-- .elementskit-entry-thumb END -->\n                                                                                                    <div class=\"elementskit-meta-lists elementskit-style-tag\">\n                                        <div class=\"elementskit-single-meta triangle_left\"><span class=\"elementskit-meta-wraper\"><strong>08<\/strong>mai<\/span><\/div>\n                                    <\/div>\n                                                                                            \n                            \n                                                    <\/div><!-- .elementskit-entry-header END -->\n\n                        <div class=\"elementskit-post-body ekit-highlight-border\">\n                            \n                                                                                                                        \n                                        \n                                                                                                <h2 class=\"entry-title\">\n                    <a href=\"https:\/\/institutulbucovina.ro\/web\/2025\/05\/08\/conferinta-interactiva-drumul-romaniei-de-la-independenta-de-stat-la-integrarea-europeana\/\">\n                            Conferin\u021ba interactiv\u0103 &#8211; \u201eDRUMUL ROM\u00c2NIEI: DE LA INDEPENDEN\u021aA DE STAT LA INTEGRAREA EUROPEAN\u0102\u201d                    <\/a>\n                <\/h2>\n                                                                                                                                                                                            <p>Sediul Societ\u0103\u021bii pentru Cultura \u0219i Literatura Rom\u00e2n\u0103 \u00een Bucovina 9 mai 2025, orele 09:15 &#8211; 10:30<\/p>\n                                                                                                                                                <\/div><!-- .elementskit-post-body END -->\n                    <\/div>\n                \n            <\/div>\n                <\/div>\n       <\/div>\t\t<\/div>\n\t\t\t\t<\/div>\n\t\t\t\t\t<\/div>\n\t\t<\/div>\n\t\t\t\t\t\t\t<\/div>\n\t\t<\/section>\n\t\t\t\t<section class=\"elementor-section elementor-top-section elementor-element elementor-element-229d8da elementor-section-boxed elementor-section-height-default elementor-section-height-default\" data-id=\"229d8da\" data-element_type=\"section\">\n\t\t\t\t\t\t<div class=\"elementor-container elementor-column-gap-default\">\n\t\t\t\t\t<div class=\"elementor-column elementor-col-100 elementor-top-column elementor-element elementor-element-994f04d\" data-id=\"994f04d\" data-element_type=\"column\">\n\t\t\t<div class=\"elementor-widget-wrap elementor-element-populated\">\n\t\t\t\t\t\t\t\t<div class=\"elementor-element elementor-element-4b3fc9e elementor-widget elementor-widget-spacer\" data-id=\"4b3fc9e\" data-element_type=\"widget\" data-widget_type=\"spacer.default\">\n\t\t\t\t<div class=\"elementor-widget-container\">\n\t\t\t\t\t<div class=\"elementor-spacer\">\n\t\t\t<div class=\"elementor-spacer-inner\"><\/div>\n\t\t<\/div>\n\t\t\t\t<\/div>\n\t\t\t\t<\/div>\n\t\t\t\t\t<\/div>\n\t\t<\/div>\n\t\t\t\t\t\t\t<\/div>\n\t\t<\/section>\n\t\t\t\t\t\t<\/div>\n\t\t\t\t\t<\/div>\n\t\t","protected":false},"excerpt":{"rendered":"<p>Anun\u021buri, \u0219tiri \u0219i evenimente 04oct. Lansare de carte \u2014 Dr. Nicolae-Emilian Dranca, \u201eReligiile politice \u00een secolul XX\u201d Joi, 5 octombrie 2023 R\u0103d\u0103u\u021bi, Hotel Gerald\u2019s, Sala de conferin\u021be Ora 13.00 14iun. Conferin\u021ba \u0219tiin\u021bific\u0103 interna\u021bional\u0103 \u201eBUCOVINA \u2013 CULTUR\u0102 \u0218I SPIRITUALITATE EUROPEAN\u0102. VALORI, TRADI\u021aIE \u0218I MODERNITATE\u201d Conferin\u021ba \u0218tiin\u021bific\u0103 Interna\u021bional\u0103 \u201eBUCOVINA \u2013 CULTUR\u0102 \u0218I SPIRITUALITATE EUROPEAN\u0102. VALORI, TRADI\u021aIE \u0218I &hellip;<\/p>\n<p class=\"read-more\"> <a class=\"\" href=\"https:\/\/institutulbucovina.ro\/web\/2025\/05\/08\/conferinta-interactiva-drumul-romaniei-de-la-independenta-de-stat-la-integrarea-europeana\/\"> <span class=\"screen-reader-text\">Conferin\u021ba interactiv\u0103 &#8211; \u201eDRUMUL ROM\u00c2NIEI: DE LA INDEPENDEN\u021aA DE STAT LA INTEGRAREA EUROPEAN\u0102\u201d<\/span> Read More &raquo;<\/a><\/p>\n","protected":false},"author":6,"featured_media":0,"parent":0,"menu_order":0,"comment_status":"closed","ping_status":"closed","template":"","meta":{"site-sidebar-layout":"no-sidebar","site-content-layout":"page-builder","ast-main-header-display":"","ast-hfb-above-header-display":"","ast-hfb-below-header-display":"","ast-hfb-mobile-header-display":"","site-post-title":"disabled","ast-breadcrumbs-content":"","ast-featured-img":"disabled","footer-sml-layout":"","theme-transparent-header-meta":"default","adv-header-id-meta":"","stick-header-meta":"","header-above-stick-meta":"","header-main-stick-meta":"","header-below-stick-meta":"","footnotes":""},"class_list":["post-23","page","type-page","status-publish","hentry"],"yoast_head":"<!-- This site is optimized with the Yoast SEO plugin v17.8 - https:\/\/yoast.com\/wordpress\/plugins\/seo\/ -->\n<title>Acasa - Institutul Bucovina<\/title>\n<meta name=\"robots\" content=\"index, follow, max-snippet:-1, max-image-preview:large, max-video-preview:-1\" \/>\n<link rel=\"canonical\" href=\"https:\/\/institutulbucovina.ro\/web\/\" \/>\n<meta property=\"og:locale\" content=\"ro_RO\" \/>\n<meta property=\"og:type\" content=\"article\" \/>\n<meta property=\"og:title\" content=\"Acasa - Institutul Bucovina\" \/>\n<meta property=\"og:description\" content=\"Anun\u021buri, \u0219tiri \u0219i evenimente 04oct. Lansare de carte \u2014 Dr. Nicolae-Emilian Dranca, \u201eReligiile politice \u00een secolul XX\u201d Joi, 5 octombrie 2023 R\u0103d\u0103u\u021bi, Hotel Gerald\u2019s, Sala de conferin\u021be Ora 13.00 14iun. Conferin\u021ba \u0219tiin\u021bific\u0103 interna\u021bional\u0103 \u201eBUCOVINA \u2013 CULTUR\u0102 \u0218I SPIRITUALITATE EUROPEAN\u0102. VALORI, TRADI\u021aIE \u0218I MODERNITATE\u201d Conferin\u021ba \u0218tiin\u021bific\u0103 Interna\u021bional\u0103 \u201eBUCOVINA \u2013 CULTUR\u0102 \u0218I SPIRITUALITATE EUROPEAN\u0102. VALORI, TRADI\u021aIE \u0218I &hellip; Conferin\u021ba interactiv\u0103 &#8211; \u201eDRUMUL ROM\u00c2NIEI: DE LA INDEPENDEN\u021aA DE STAT LA INTEGRAREA EUROPEAN\u0102\u201d Read More &raquo;\" \/>\n<meta property=\"og:url\" content=\"https:\/\/institutulbucovina.ro\/web\/\" \/>\n<meta property=\"og:site_name\" content=\"Institutul Bucovina\" \/>\n<meta property=\"article:modified_time\" content=\"2023-10-04T09:26:00+00:00\" \/>\n<meta property=\"og:image\" content=\"https:\/\/institutulbucovina.ro\/web\/wp-content\/uploads\/2023\/10\/lansare-5-oct-1-225x300.png\" \/>\n<meta name=\"twitter:card\" content=\"summary_large_image\" \/>\n<meta name=\"twitter:label1\" content=\"Timp estimat pentru citire\" \/>\n\t<meta name=\"twitter:data1\" content=\"3 minute\" \/>\n<script type=\"application\/ld+json\" class=\"yoast-schema-graph\">{\"@context\":\"https:\/\/schema.org\",\"@graph\":[{\"@type\":\"WebSite\",\"@id\":\"https:\/\/institutulbucovina.ro\/web\/#website\",\"url\":\"https:\/\/institutulbucovina.ro\/web\/\",\"name\":\"Institutul Bucovina\",\"description\":\"Periodic al Institutului \\u201eBucovina\\u201d al Academiei Rom\\u00e2ne\",\"potentialAction\":[{\"@type\":\"SearchAction\",\"target\":{\"@type\":\"EntryPoint\",\"urlTemplate\":\"https:\/\/institutulbucovina.ro\/web\/?s={search_term_string}\"},\"query-input\":\"required name=search_term_string\"}],\"inLanguage\":\"ro-RO\"},{\"@type\":\"ImageObject\",\"@id\":\"https:\/\/institutulbucovina.ro\/web\/#primaryimage\",\"inLanguage\":\"ro-RO\",\"url\":\"https:\/\/institutulbucovina.ro\/web\/wp-content\/uploads\/2023\/10\/lansare-5-oct-1-225x300.png\",\"contentUrl\":\"https:\/\/institutulbucovina.ro\/web\/wp-content\/uploads\/2023\/10\/lansare-5-oct-1-225x300.png\"},{\"@type\":\"WebPage\",\"@id\":\"https:\/\/institutulbucovina.ro\/web\/#webpage\",\"url\":\"https:\/\/institutulbucovina.ro\/web\/\",\"name\":\"Acasa - Institutul Bucovina\",\"isPartOf\":{\"@id\":\"https:\/\/institutulbucovina.ro\/web\/#website\"},\"primaryImageOfPage\":{\"@id\":\"https:\/\/institutulbucovina.ro\/web\/#primaryimage\"},\"datePublished\":\"2021-12-16T08:55:41+00:00\",\"dateModified\":\"2023-10-04T09:26:00+00:00\",\"breadcrumb\":{\"@id\":\"https:\/\/institutulbucovina.ro\/web\/#breadcrumb\"},\"inLanguage\":\"ro-RO\",\"potentialAction\":[{\"@type\":\"ReadAction\",\"target\":[\"https:\/\/institutulbucovina.ro\/web\/\"]}]},{\"@type\":\"BreadcrumbList\",\"@id\":\"https:\/\/institutulbucovina.ro\/web\/#breadcrumb\",\"itemListElement\":[{\"@type\":\"ListItem\",\"position\":1,\"name\":\"Prima pagin\\u0103\",\"item\":\"https:\/\/institutulbucovina.ro\/web\/\"},{\"@type\":\"ListItem\",\"position\":2,\"name\":\"Acasa\"}]}]}<\/script>\n<!-- \/ Yoast SEO plugin. -->","yoast_head_json":{"title":"Acasa - Institutul Bucovina","robots":{"index":"index","follow":"follow","max-snippet":"max-snippet:-1","max-image-preview":"max-image-preview:large","max-video-preview":"max-video-preview:-1"},"canonical":"https:\/\/institutulbucovina.ro\/web\/","og_locale":"ro_RO","og_type":"article","og_title":"Acasa - Institutul Bucovina","og_description":"Anun\u021buri, \u0219tiri \u0219i evenimente 04oct. Lansare de carte \u2014 Dr. Nicolae-Emilian Dranca, \u201eReligiile politice \u00een secolul XX\u201d Joi, 5 octombrie 2023 R\u0103d\u0103u\u021bi, Hotel Gerald\u2019s, Sala de conferin\u021be Ora 13.00 14iun. Conferin\u021ba \u0219tiin\u021bific\u0103 interna\u021bional\u0103 \u201eBUCOVINA \u2013 CULTUR\u0102 \u0218I SPIRITUALITATE EUROPEAN\u0102. VALORI, TRADI\u021aIE \u0218I MODERNITATE\u201d Conferin\u021ba \u0218tiin\u021bific\u0103 Interna\u021bional\u0103 \u201eBUCOVINA \u2013 CULTUR\u0102 \u0218I SPIRITUALITATE EUROPEAN\u0102. VALORI, TRADI\u021aIE \u0218I &hellip; Conferin\u021ba interactiv\u0103 &#8211; \u201eDRUMUL ROM\u00c2NIEI: DE LA INDEPENDEN\u021aA DE STAT LA INTEGRAREA EUROPEAN\u0102\u201d Read More &raquo;","og_url":"https:\/\/institutulbucovina.ro\/web\/","og_site_name":"Institutul Bucovina","article_modified_time":"2023-10-04T09:26:00+00:00","og_image":[{"url":"https:\/\/institutulbucovina.ro\/web\/wp-content\/uploads\/2023\/10\/lansare-5-oct-1-225x300.png"}],"twitter_card":"summary_large_image","twitter_misc":{"Timp estimat pentru citire":"3 minute"},"schema":{"@context":"https:\/\/schema.org","@graph":[{"@type":"WebSite","@id":"https:\/\/institutulbucovina.ro\/web\/#website","url":"https:\/\/institutulbucovina.ro\/web\/","name":"Institutul Bucovina","description":"Periodic al Institutului \u201eBucovina\u201d al Academiei Rom\u00e2ne","potentialAction":[{"@type":"SearchAction","target":{"@type":"EntryPoint","urlTemplate":"https:\/\/institutulbucovina.ro\/web\/?s={search_term_string}"},"query-input":"required name=search_term_string"}],"inLanguage":"ro-RO"},{"@type":"ImageObject","@id":"https:\/\/institutulbucovina.ro\/web\/#primaryimage","inLanguage":"ro-RO","url":"https:\/\/institutulbucovina.ro\/web\/wp-content\/uploads\/2023\/10\/lansare-5-oct-1-225x300.png","contentUrl":"https:\/\/institutulbucovina.ro\/web\/wp-content\/uploads\/2023\/10\/lansare-5-oct-1-225x300.png"},{"@type":"WebPage","@id":"https:\/\/institutulbucovina.ro\/web\/#webpage","url":"https:\/\/institutulbucovina.ro\/web\/","name":"Acasa - Institutul Bucovina","isPartOf":{"@id":"https:\/\/institutulbucovina.ro\/web\/#website"},"primaryImageOfPage":{"@id":"https:\/\/institutulbucovina.ro\/web\/#primaryimage"},"datePublished":"2021-12-16T08:55:41+00:00","dateModified":"2023-10-04T09:26:00+00:00","breadcrumb":{"@id":"https:\/\/institutulbucovina.ro\/web\/#breadcrumb"},"inLanguage":"ro-RO","potentialAction":[{"@type":"ReadAction","target":["https:\/\/institutulbucovina.ro\/web\/"]}]},{"@type":"BreadcrumbList","@id":"https:\/\/institutulbucovina.ro\/web\/#breadcrumb","itemListElement":[{"@type":"ListItem","position":1,"name":"Prima pagin\u0103","item":"https:\/\/institutulbucovina.ro\/web\/"},{"@type":"ListItem","position":2,"name":"Acasa"}]}]}},"_links":{"self":[{"href":"https:\/\/institutulbucovina.ro\/web\/wp-json\/wp\/v2\/pages\/23","targetHints":{"allow":["GET"]}}],"collection":[{"href":"https:\/\/institutulbucovina.ro\/web\/wp-json\/wp\/v2\/pages"}],"about":[{"href":"https:\/\/institutulbucovina.ro\/web\/wp-json\/wp\/v2\/types\/page"}],"author":[{"embeddable":true,"href":"https:\/\/institutulbucovina.ro\/web\/wp-json\/wp\/v2\/users\/6"}],"replies":[{"embeddable":true,"href":"https:\/\/institutulbucovina.ro\/web\/wp-json\/wp\/v2\/comments?post=23"}],"version-history":[{"count":70,"href":"https:\/\/institutulbucovina.ro\/web\/wp-json\/wp\/v2\/pages\/23\/revisions"}],"predecessor-version":[{"id":850,"href":"https:\/\/institutulbucovina.ro\/web\/wp-json\/wp\/v2\/pages\/23\/revisions\/850"}],"wp:attachment":[{"href":"https:\/\/institutulbucovina.ro\/web\/wp-json\/wp\/v2\/media?parent=23"}],"curies":[{"name":"wp","href":"https:\/\/api.w.org\/{rel}","templated":true}]}}